{"id":837,"date":"2021-06-05T10:03:59","date_gmt":"2021-06-05T10:03:59","guid":{"rendered":"http:\/\/danielo34.sg-host.com\/?page_id=837"},"modified":"2021-06-17T23:24:44","modified_gmt":"2021-06-17T23:24:44","slug":"excursion-cova-tallada-denia","status":"publish","type":"page","link":"https:\/\/alquilerbarcodenia.com\/en\/excursion-cova-tallada-denia\/","title":{"rendered":"Excursi\u00f3n a Cova Tallada BLOG"},"content":{"rendered":"<div data-elementor-type=\"wp-page\" data-elementor-id=\"837\" class=\"elementor elementor-837\" data-elementor-post-type=\"page\">\n\t\t\t\t\t\t<section class=\"elementor-section elementor-top-section elementor-element elementor-element-4f5aeaac elementor-section-boxed elementor-section-height-default elementor-section-height-default\" data-id=\"4f5aeaac\" data-element_type=\"section\" data-e-type=\"section\" data-settings=\"{&quot;background_background&quot;:&quot;classic&quot;}\">\n\t\t\t\t\t\t<div class=\"elementor-container elementor-column-gap-default\">\n\t\t\t\t\t<div class=\"elementor-column elementor-col-50 elementor-top-column elementor-element elementor-element-513e816a\" data-id=\"513e816a\" data-element_type=\"column\" data-e-type=\"column\" data-settings=\"{&quot;background_background&quot;:&quot;classic&quot;}\">\n\t\t\t<div class=\"elementor-widget-wrap elementor-element-populated\">\n\t\t\t\t\t\t<div class=\"elementor-element elementor-element-42d9171 elementor-widget elementor-widget-image\" data-id=\"42d9171\" data-element_type=\"widget\" data-e-type=\"widget\" data-widget_type=\"image.default\">\n\t\t\t\t<div class=\"elementor-widget-container\">\n\t\t\t\t\t\t\t\t\t\t\t\t\t\t\t<img fetchpriority=\"high\" decoding=\"async\" width=\"800\" height=\"788\" src=\"https:\/\/alquilerbarcodenia.com\/wp-content\/uploads\/2021\/06\/denia-skyline-in-alicante-spain-1024x1008.jpg\" class=\"attachment-large size-large wp-image-690\" alt=\"denia espectaculares vistas\" srcset=\"https:\/\/alquilerbarcodenia.com\/wp-content\/uploads\/2021\/06\/denia-skyline-in-alicante-spain-1024x1008.jpg 1024w, https:\/\/alquilerbarcodenia.com\/wp-content\/uploads\/2021\/06\/denia-skyline-in-alicante-spain-300x295.jpg 300w, https:\/\/alquilerbarcodenia.com\/wp-content\/uploads\/2021\/06\/denia-skyline-in-alicante-spain-768x756.jpg 768w, https:\/\/alquilerbarcodenia.com\/wp-content\/uploads\/2021\/06\/denia-skyline-in-alicante-spain-1536x1512.jpg 1536w, https:\/\/alquilerbarcodenia.com\/wp-content\/uploads\/2021\/06\/denia-skyline-in-alicante-spain-2048x2016.jpg 2048w, https:\/\/alquilerbarcodenia.com\/wp-content\/uploads\/2021\/06\/denia-skyline-in-alicante-spain-600x591.jpg 600w, https:\/\/alquilerbarcodenia.com\/wp-content\/uploads\/2021\/06\/denia-skyline-in-alicante-spain-100x100.jpg 100w\" sizes=\"(max-width: 800px) 100vw, 800px\" \/>\t\t\t\t\t\t\t\t\t\t\t\t\t\t\t<\/div>\n\t\t\t\t<\/div>\n\t\t\t\t<div class=\"elementor-element elementor-element-40412e7 elementor-invisible elementor-widget elementor-widget-image\" data-id=\"40412e7\" data-element_type=\"widget\" data-e-type=\"widget\" data-settings=\"{&quot;_animation&quot;:&quot;fadeInLeft&quot;,&quot;_animation_delay&quot;:200}\" data-widget_type=\"image.default\">\n\t\t\t\t<div class=\"elementor-widget-container\">\n\t\t\t\t\t\t\t\t\t\t\t\t\t\t\t<img decoding=\"async\" width=\"800\" height=\"534\" src=\"https:\/\/alquilerbarcodenia.com\/wp-content\/uploads\/2021\/06\/denia-rotas-beach-caves-of-alicante-1024x683.jpg\" class=\"attachment-large size-large wp-image-693\" alt=\"denia cuevas playa las rotas\" srcset=\"https:\/\/alquilerbarcodenia.com\/wp-content\/uploads\/2021\/06\/denia-rotas-beach-caves-of-alicante-1024x683.jpg 1024w, https:\/\/alquilerbarcodenia.com\/wp-content\/uploads\/2021\/06\/denia-rotas-beach-caves-of-alicante-300x200.jpg 300w, https:\/\/alquilerbarcodenia.com\/wp-content\/uploads\/2021\/06\/denia-rotas-beach-caves-of-alicante-768x512.jpg 768w, https:\/\/alquilerbarcodenia.com\/wp-content\/uploads\/2021\/06\/denia-rotas-beach-caves-of-alicante-1536x1024.jpg 1536w, https:\/\/alquilerbarcodenia.com\/wp-content\/uploads\/2021\/06\/denia-rotas-beach-caves-of-alicante-2048x1365.jpg 2048w, https:\/\/alquilerbarcodenia.com\/wp-content\/uploads\/2021\/06\/denia-rotas-beach-caves-of-alicante-600x400.jpg 600w\" sizes=\"(max-width: 800px) 100vw, 800px\" \/>\t\t\t\t\t\t\t\t\t\t\t\t\t\t\t<\/div>\n\t\t\t\t<\/div>\n\t\t\t\t\t<\/div>\n\t\t<\/div>\n\t\t\t\t<div class=\"elementor-column elementor-col-50 elementor-top-column elementor-element elementor-element-53c8a01b\" data-id=\"53c8a01b\" data-element_type=\"column\" data-e-type=\"column\">\n\t\t\t<div class=\"elementor-widget-wrap elementor-element-populated\">\n\t\t\t\t\t\t<div class=\"elementor-element elementor-element-5655f745 elementor-widget elementor-widget-heading\" data-id=\"5655f745\" data-element_type=\"widget\" data-e-type=\"widget\" data-widget_type=\"heading.default\">\n\t\t\t\t<div class=\"elementor-widget-container\">\n\t\t\t\t\t<h2 class=\"elementor-heading-title elementor-size-default\">WONDER BOATS<\/h2>\t\t\t\t<\/div>\n\t\t\t\t<\/div>\n\t\t\t\t<div class=\"elementor-element elementor-element-8776492 elementor-widget elementor-widget-heading\" data-id=\"8776492\" data-element_type=\"widget\" data-e-type=\"widget\" data-widget_type=\"heading.default\">\n\t\t\t\t<div class=\"elementor-widget-container\">\n\t\t\t\t\t<h5 class=\"elementor-heading-title elementor-size-default\">Excursion to Cova Tallada<\/h5>\t\t\t\t<\/div>\n\t\t\t\t<\/div>\n\t\t\t\t<div class=\"elementor-element elementor-element-13888f22 elementor-widget-divider--view-line elementor-widget elementor-widget-divider\" data-id=\"13888f22\" data-element_type=\"widget\" data-e-type=\"widget\" data-widget_type=\"divider.default\">\n\t\t\t\t<div class=\"elementor-widget-container\">\n\t\t\t\t\t\t\t<div class=\"elementor-divider\">\n\t\t\t<span class=\"elementor-divider-separator\">\n\t\t\t\t\t\t<\/span>\n\t\t<\/div>\n\t\t\t\t\t\t<\/div>\n\t\t\t\t<\/div>\n\t\t\t\t<div class=\"elementor-element elementor-element-35d473f6 elementor-widget elementor-widget-text-editor\" data-id=\"35d473f6\" data-element_type=\"widget\" data-e-type=\"widget\" data-widget_type=\"text-editor.default\">\n\t\t\t\t<div class=\"elementor-widget-container\">\n\t\t\t\t\t\t\t\t\t<p><span style=\"font-weight: 400;\">An excursion to <\/span><a href=\"http:\/\/parquesnaturales.gva.es\/es\/web\/pn-el-montgo\"><span style=\"font-weight: 400;\">Cova Tallada<\/span><\/a><span style=\"font-weight: 400;\"> is one of the must-see experiences if you want to know the most emblematic corners of Denia. Please note that in order to access the interior it is necessary to make a reservation in advance, as there is a capacity limit.<\/span><\/p><p><span style=\"font-weight: 400;\">Here we tell you a little more about the history of this cave and its location, the Montg\u00f3 Park. In addition, we give you some tips to make the most of your trip to Cova Tallada...<\/span><\/p><p><b>Geographical context: Montg\u00f3 Park, a protected area you should know.<\/b><\/p><p><span style=\"font-weight: 400;\">It received its name in 1987. This park, declared a protected natural area, occupies more than 2000 hectares between the towns of X\u00e0bia and D\u00e9nia. With a limestone massif that reaches a maximum altitude of 753 meters, it is in direct contact with the sea.\u00a0<\/span><\/p><p><span style=\"font-weight: 400;\">Its coastal area includes the plain of Les Planes and ends at the well-known cliffs of Cabo de San Antonio, where you can find a Marine Nature Reserve with an enormous underwater biodiversity.<\/span><\/p><p><span style=\"font-weight: 400;\">One of the most valuable assets found in the interior of the Montg\u00f3 Park is a vast variety of plant species. In total more than 650 can be found. Some of the most popular ones are the <\/span><i><span style=\"font-weight: 400;\">marine juniper<\/span><\/i><span style=\"font-weight: 400;\">The most characteristic species is the Posidonia oceanica, the herba santa, the toothed lavender or the sea fennel. Although if there is a characteristic species is the Posidonia oceanica.<\/span><\/p><p><span style=\"font-weight: 400;\">In addition, its natural wealth extends to the presence of a unique native fauna such as the Audouin's gull or various birds of prey such as the eagle owl, peregrine falcon or Bonelli's eagle.<\/span><\/p><p><b>Excursion to Cova Tallada: Tips to enjoy the experience to the maximum<\/b><\/p><p><b>Inside the cave<\/b><\/p><p><span style=\"font-weight: 400;\">If the excursion to Cova Tallada takes place during the summer season (especially if it is done during the month of August), it is preferable to do it during weekdays. It is most common that on weekends there are crowds and it is difficult to find parking in the area.<\/span><\/p><p><span style=\"font-weight: 400;\">In addition, to enjoy the experience and practice tourism in a sustainable way, it is recommended that the day of the excursion to Cova Tallada you take with you:<\/span><\/p><ul><li style=\"font-weight: 400;\" aria-level=\"1\"><span style=\"font-weight: 400;\">A bag in which to store the waste and residues you may generate during your getaway, remember to practice respectful and hygienic tourism!<\/span><\/li><li style=\"font-weight: 400;\" aria-level=\"1\"><span style=\"font-weight: 400;\">Comfortable clothing: Opt for sturdy, closed-toe shoes, light clothing and sunscreen.\u00a0<\/span><\/li><li style=\"font-weight: 400;\" aria-level=\"1\"><span style=\"font-weight: 400;\">Food: Try not to carry too much weight for your own comfort. The most affordable will be a small backpack with a small reserve of water and some food.\u00a0<\/span><\/li><li style=\"font-weight: 400;\" aria-level=\"1\"><span style=\"font-weight: 400;\">Flashlight: This is important because throughout the excursion to Cova Tallada you will access areas of the interior deprived of light. In addition, its route on foot is irregular.\u00a0<\/span><\/li><li style=\"font-weight: 400;\" aria-level=\"1\"><span style=\"font-weight: 400;\">Your diving equipment: Don't forget it if you intend to practice snorkeling (we recommend it).<\/span><\/li><\/ul><p><b>Snorkel practice<\/b><\/p><p><span style=\"font-weight: 400;\">You can enter the water from inside the cave or by accessing it through the openings that connect directly to the sea. The structure of the rock formation acts as a natural breakwater so that most of the time the waters are usually calm. The most advisable is to make a tour taking as a reference the stone wall, surrounding the structure of the massif.\u00a0<\/span><\/p><p><b>The Tosca rock: A unique geological formation in the world<\/b><\/p><p><span style=\"font-weight: 400;\">Tosca stone is the result of a very special natural sedimentation process produced over a period of thousands of years. It is a calcareous rock that has a porous texture and is quite unusual. Tosca stone is present in very few corners of the world.\u00a0<\/span><\/p><p><span style=\"font-weight: 400;\">Today it has become a distinctive element of the architecture of X\u00e0bia that can be found in some of the most emblematic buildings such as the Church of Sant Bertomeu or the towers of the castle of D\u00e9nia. It was quarried for centuries, although it was not only extracted from the Cova Callada. There were reserves of rough stone in the Primer and Segundo Muntanyar.<\/span><\/p><p><span style=\"font-weight: 400;\">However, this extraction was prohibited relatively recently. The last time that rough stone was used in urban development projects was around the 1950s and 1960s. It was in 1972 that a regulation came into force prohibiting its use as a measure to protect the environment. Today it is only possible to use this material when an old construction based on rough stone is demolished.<\/span><\/p><p><b>Torre del Gerro: A key point in the Cova Tallada routes.<\/b><\/p><p><span style=\"font-weight: 400;\">One of the points of interest that can be found within the Montg\u00f3 Park is the Torre del Gerro, located on the cliffs of Les Rotes and from where you can enjoy stunning panoramic views of the coast.<\/span><\/p><p><span style=\"font-weight: 400;\">This watchtower was built around the sixteenth century, as a strategic point of surveillance against Berber enemy invasions, quite common in that period. Together with fortifications such as the Torre del Cap d'Or, the Torre del Gerro made up a network of watchtowers that were built between the 16th and 17th centuries.<\/span><\/p><p><span style=\"font-weight: 400;\">At an altitude of more than 130 meters above the cliffs of Sant Antoni, it presents an imposing structure of circular plan adorned with the coat of arms of Charles V.<\/span><\/p><p><b>Would you like to book your excursion to?<\/b><a href=\"https:\/\/alquilerbarcodenia.com\/en\/tours-en-barco\/\" rel=\"noopener\"><b> Cova Tallada<\/b><\/a><b>\u00a1Contact us!<\/b><\/p>\t\t\t\t\t\t\t\t<\/div>\n\t\t\t\t<\/div>\n\t\t\t\t\t<\/div>\n\t\t<\/div>\n\t\t\t\t\t<\/div>\n\t\t<\/section>\n\t\t\t\t<\/div>","protected":false},"excerpt":{"rendered":"<p>WONDER BOATS Excursi\u00f3n a Cova Tallada Una excursi\u00f3n a Cova Tallada es una de las experiencias obligadas si quieres conocer los rincones m\u00e1s emblem\u00e1ticos de D\u00e9nia. Debes tener en cuenta que para poder acceder al interior es necesario hacer una reserva con antelaci\u00f3n, pues hay l\u00edmite de aforo. A continuaci\u00f3n te contamos un poco m\u00e1s [&hellip;]<\/p>\n","protected":false},"author":1,"featured_media":0,"parent":0,"menu_order":0,"comment_status":"closed","ping_status":"closed","template":"elementor_header_footer","meta":{"footnotes":""},"class_list":["post-837","page","type-page","status-publish","hentry"],"yoast_head":"<!-- This site is optimized with the Yoast SEO plugin v27.5 - https:\/\/yoast.com\/product\/yoast-seo-wordpress\/ -->\n<title>Excursi\u00f3n a Cova Tallada BLOG - ALQUILER BARCO DENIA<\/title>\n<meta name=\"robots\" content=\"index, follow, max-snippet:-1, max-image-preview:large, max-video-preview:-1\" \/>\n<link rel=\"canonical\" href=\"https:\/\/alquilerbarcodenia.com\/en\/excursion-cova-tallada-denia\/\" \/>\n<meta property=\"og:locale\" content=\"en_US\" \/>\n<meta property=\"og:type\" content=\"article\" \/>\n<meta property=\"og:title\" content=\"Excursi\u00f3n a Cova Tallada BLOG - ALQUILER BARCO DENIA\" \/>\n<meta property=\"og:description\" content=\"WONDER BOATS Excursi\u00f3n a Cova Tallada Una excursi\u00f3n a Cova Tallada es una de las experiencias obligadas si quieres conocer los rincones m\u00e1s emblem\u00e1ticos de D\u00e9nia. Debes tener en cuenta que para poder acceder al interior es necesario hacer una reserva con antelaci\u00f3n, pues hay l\u00edmite de aforo. A continuaci\u00f3n te contamos un poco m\u00e1s [&hellip;]\" \/>\n<meta property=\"og:url\" content=\"https:\/\/alquilerbarcodenia.com\/en\/excursion-cova-tallada-denia\/\" \/>\n<meta property=\"og:site_name\" content=\"ALQUILER BARCO DENIA\" \/>\n<meta property=\"article:modified_time\" content=\"2021-06-17T23:24:44+00:00\" \/>\n<meta property=\"og:image\" content=\"http:\/\/alquilerbarcodenia.com\/wp-content\/uploads\/2021\/06\/denia-skyline-in-alicante-spain-1024x1008.jpg\" \/>\n<meta name=\"twitter:card\" content=\"summary_large_image\" \/>\n<meta name=\"twitter:label1\" content=\"Est. reading time\" \/>\n\t<meta name=\"twitter:data1\" content=\"5 minutes\" \/>\n<script type=\"application\/ld+json\" class=\"yoast-schema-graph\">{\"@context\":\"https:\\\/\\\/schema.org\",\"@graph\":[{\"@type\":\"WebPage\",\"@id\":\"https:\\\/\\\/alquilerbarcodenia.com\\\/en\\\/excursion-cova-tallada-denia\\\/\",\"url\":\"https:\\\/\\\/alquilerbarcodenia.com\\\/en\\\/excursion-cova-tallada-denia\\\/\",\"name\":\"Excursi\u00f3n a Cova Tallada BLOG - ALQUILER BARCO DENIA\",\"isPartOf\":{\"@id\":\"https:\\\/\\\/alquilerbarcodenia.com\\\/en\\\/#website\"},\"primaryImageOfPage\":{\"@id\":\"https:\\\/\\\/alquilerbarcodenia.com\\\/en\\\/excursion-cova-tallada-denia\\\/#primaryimage\"},\"image\":{\"@id\":\"https:\\\/\\\/alquilerbarcodenia.com\\\/en\\\/excursion-cova-tallada-denia\\\/#primaryimage\"},\"thumbnailUrl\":\"http:\\\/\\\/alquilerbarcodenia.com\\\/wp-content\\\/uploads\\\/2021\\\/06\\\/denia-skyline-in-alicante-spain-1024x1008.jpg\",\"datePublished\":\"2021-06-05T10:03:59+00:00\",\"dateModified\":\"2021-06-17T23:24:44+00:00\",\"breadcrumb\":{\"@id\":\"https:\\\/\\\/alquilerbarcodenia.com\\\/en\\\/excursion-cova-tallada-denia\\\/#breadcrumb\"},\"inLanguage\":\"en-US\",\"potentialAction\":[{\"@type\":\"ReadAction\",\"target\":[\"https:\\\/\\\/alquilerbarcodenia.com\\\/en\\\/excursion-cova-tallada-denia\\\/\"]}]},{\"@type\":\"ImageObject\",\"inLanguage\":\"en-US\",\"@id\":\"https:\\\/\\\/alquilerbarcodenia.com\\\/en\\\/excursion-cova-tallada-denia\\\/#primaryimage\",\"url\":\"http:\\\/\\\/alquilerbarcodenia.com\\\/wp-content\\\/uploads\\\/2021\\\/06\\\/denia-skyline-in-alicante-spain-1024x1008.jpg\",\"contentUrl\":\"http:\\\/\\\/alquilerbarcodenia.com\\\/wp-content\\\/uploads\\\/2021\\\/06\\\/denia-skyline-in-alicante-spain-1024x1008.jpg\"},{\"@type\":\"BreadcrumbList\",\"@id\":\"https:\\\/\\\/alquilerbarcodenia.com\\\/en\\\/excursion-cova-tallada-denia\\\/#breadcrumb\",\"itemListElement\":[{\"@type\":\"ListItem\",\"position\":1,\"name\":\"Portada\",\"item\":\"https:\\\/\\\/alquilerbarcodenia.com\\\/\"},{\"@type\":\"ListItem\",\"position\":2,\"name\":\"Excursi\u00f3n a Cova Tallada BLOG\"}]},{\"@type\":\"WebSite\",\"@id\":\"https:\\\/\\\/alquilerbarcodenia.com\\\/en\\\/#website\",\"url\":\"https:\\\/\\\/alquilerbarcodenia.com\\\/en\\\/\",\"name\":\"ALQUILER BARCO DENIA\",\"description\":\"Alquiler Barco Denia. Alquiler de barcos en Denia con y sin patr\u00f3n al mejor precio. Alquiler de barcas semirr\u00edgidas en el Portet de Denia.\",\"publisher\":{\"@id\":\"https:\\\/\\\/alquilerbarcodenia.com\\\/en\\\/#organization\"},\"potentialAction\":[{\"@type\":\"SearchAction\",\"target\":{\"@type\":\"EntryPoint\",\"urlTemplate\":\"https:\\\/\\\/alquilerbarcodenia.com\\\/en\\\/?s={search_term_string}\"},\"query-input\":{\"@type\":\"PropertyValueSpecification\",\"valueRequired\":true,\"valueName\":\"search_term_string\"}}],\"inLanguage\":\"en-US\"},{\"@type\":\"Organization\",\"@id\":\"https:\\\/\\\/alquilerbarcodenia.com\\\/en\\\/#organization\",\"name\":\"Alquiler Barco Denia\",\"url\":\"https:\\\/\\\/alquilerbarcodenia.com\\\/en\\\/\",\"logo\":{\"@type\":\"ImageObject\",\"inLanguage\":\"en-US\",\"@id\":\"https:\\\/\\\/alquilerbarcodenia.com\\\/en\\\/#\\\/schema\\\/logo\\\/image\\\/\",\"url\":\"https:\\\/\\\/alquilerbarcodenia.com\\\/wp-content\\\/uploads\\\/2021\\\/05\\\/alguiler-barco-denia-logo-2.png\",\"contentUrl\":\"https:\\\/\\\/alquilerbarcodenia.com\\\/wp-content\\\/uploads\\\/2021\\\/05\\\/alguiler-barco-denia-logo-2.png\",\"width\":143,\"height\":95,\"caption\":\"Alquiler Barco Denia\"},\"image\":{\"@id\":\"https:\\\/\\\/alquilerbarcodenia.com\\\/en\\\/#\\\/schema\\\/logo\\\/image\\\/\"}}]}<\/script>\n<!-- \/ Yoast SEO plugin. -->","yoast_head_json":{"title":"Excursi\u00f3n a Cova Tallada BLOG - ALQUILER BARCO DENIA","robots":{"index":"index","follow":"follow","max-snippet":"max-snippet:-1","max-image-preview":"max-image-preview:large","max-video-preview":"max-video-preview:-1"},"canonical":"https:\/\/alquilerbarcodenia.com\/en\/excursion-cova-tallada-denia\/","og_locale":"en_US","og_type":"article","og_title":"Excursi\u00f3n a Cova Tallada BLOG - ALQUILER BARCO DENIA","og_description":"WONDER BOATS Excursi\u00f3n a Cova Tallada Una excursi\u00f3n a Cova Tallada es una de las experiencias obligadas si quieres conocer los rincones m\u00e1s emblem\u00e1ticos de D\u00e9nia. Debes tener en cuenta que para poder acceder al interior es necesario hacer una reserva con antelaci\u00f3n, pues hay l\u00edmite de aforo. A continuaci\u00f3n te contamos un poco m\u00e1s [&hellip;]","og_url":"https:\/\/alquilerbarcodenia.com\/en\/excursion-cova-tallada-denia\/","og_site_name":"ALQUILER BARCO DENIA","article_modified_time":"2021-06-17T23:24:44+00:00","og_image":[{"url":"http:\/\/alquilerbarcodenia.com\/wp-content\/uploads\/2021\/06\/denia-skyline-in-alicante-spain-1024x1008.jpg","type":"","width":"","height":""}],"twitter_card":"summary_large_image","twitter_misc":{"Est. reading time":"5 minutes"},"schema":{"@context":"https:\/\/schema.org","@graph":[{"@type":"WebPage","@id":"https:\/\/alquilerbarcodenia.com\/en\/excursion-cova-tallada-denia\/","url":"https:\/\/alquilerbarcodenia.com\/en\/excursion-cova-tallada-denia\/","name":"Excursi\u00f3n a Cova Tallada BLOG - ALQUILER BARCO DENIA","isPartOf":{"@id":"https:\/\/alquilerbarcodenia.com\/en\/#website"},"primaryImageOfPage":{"@id":"https:\/\/alquilerbarcodenia.com\/en\/excursion-cova-tallada-denia\/#primaryimage"},"image":{"@id":"https:\/\/alquilerbarcodenia.com\/en\/excursion-cova-tallada-denia\/#primaryimage"},"thumbnailUrl":"http:\/\/alquilerbarcodenia.com\/wp-content\/uploads\/2021\/06\/denia-skyline-in-alicante-spain-1024x1008.jpg","datePublished":"2021-06-05T10:03:59+00:00","dateModified":"2021-06-17T23:24:44+00:00","breadcrumb":{"@id":"https:\/\/alquilerbarcodenia.com\/en\/excursion-cova-tallada-denia\/#breadcrumb"},"inLanguage":"en-US","potentialAction":[{"@type":"ReadAction","target":["https:\/\/alquilerbarcodenia.com\/en\/excursion-cova-tallada-denia\/"]}]},{"@type":"ImageObject","inLanguage":"en-US","@id":"https:\/\/alquilerbarcodenia.com\/en\/excursion-cova-tallada-denia\/#primaryimage","url":"http:\/\/alquilerbarcodenia.com\/wp-content\/uploads\/2021\/06\/denia-skyline-in-alicante-spain-1024x1008.jpg","contentUrl":"http:\/\/alquilerbarcodenia.com\/wp-content\/uploads\/2021\/06\/denia-skyline-in-alicante-spain-1024x1008.jpg"},{"@type":"BreadcrumbList","@id":"https:\/\/alquilerbarcodenia.com\/en\/excursion-cova-tallada-denia\/#breadcrumb","itemListElement":[{"@type":"ListItem","position":1,"name":"Portada","item":"https:\/\/alquilerbarcodenia.com\/"},{"@type":"ListItem","position":2,"name":"Excursi\u00f3n a Cova Tallada BLOG"}]},{"@type":"WebSite","@id":"https:\/\/alquilerbarcodenia.com\/en\/#website","url":"https:\/\/alquilerbarcodenia.com\/en\/","name":"BOAT RENTAL DENIA","description":"Alquiler Barco Denia. Alquiler de barcos en Denia con y sin patr\u00f3n al mejor precio. Alquiler de barcas semirr\u00edgidas en el Portet de Denia.","publisher":{"@id":"https:\/\/alquilerbarcodenia.com\/en\/#organization"},"potentialAction":[{"@type":"SearchAction","target":{"@type":"EntryPoint","urlTemplate":"https:\/\/alquilerbarcodenia.com\/en\/?s={search_term_string}"},"query-input":{"@type":"PropertyValueSpecification","valueRequired":true,"valueName":"search_term_string"}}],"inLanguage":"en-US"},{"@type":"Organization","@id":"https:\/\/alquilerbarcodenia.com\/en\/#organization","name":"Boat Rental Denia","url":"https:\/\/alquilerbarcodenia.com\/en\/","logo":{"@type":"ImageObject","inLanguage":"en-US","@id":"https:\/\/alquilerbarcodenia.com\/en\/#\/schema\/logo\/image\/","url":"https:\/\/alquilerbarcodenia.com\/wp-content\/uploads\/2021\/05\/alguiler-barco-denia-logo-2.png","contentUrl":"https:\/\/alquilerbarcodenia.com\/wp-content\/uploads\/2021\/05\/alguiler-barco-denia-logo-2.png","width":143,"height":95,"caption":"Alquiler Barco Denia"},"image":{"@id":"https:\/\/alquilerbarcodenia.com\/en\/#\/schema\/logo\/image\/"}}]}},"_links":{"self":[{"href":"https:\/\/alquilerbarcodenia.com\/en\/wp-json\/wp\/v2\/pages\/837","targetHints":{"allow":["GET"]}}],"collection":[{"href":"https:\/\/alquilerbarcodenia.com\/en\/wp-json\/wp\/v2\/pages"}],"about":[{"href":"https:\/\/alquilerbarcodenia.com\/en\/wp-json\/wp\/v2\/types\/page"}],"author":[{"embeddable":true,"href":"https:\/\/alquilerbarcodenia.com\/en\/wp-json\/wp\/v2\/users\/1"}],"replies":[{"embeddable":true,"href":"https:\/\/alquilerbarcodenia.com\/en\/wp-json\/wp\/v2\/comments?post=837"}],"version-history":[{"count":8,"href":"https:\/\/alquilerbarcodenia.com\/en\/wp-json\/wp\/v2\/pages\/837\/revisions"}],"predecessor-version":[{"id":1113,"href":"https:\/\/alquilerbarcodenia.com\/en\/wp-json\/wp\/v2\/pages\/837\/revisions\/1113"}],"wp:attachment":[{"href":"https:\/\/alquilerbarcodenia.com\/en\/wp-json\/wp\/v2\/media?parent=837"}],"curies":[{"name":"wp","href":"https:\/\/api.w.org\/{rel}","templated":true}]}}