{"id":670,"date":"2021-06-02T07:58:07","date_gmt":"2021-06-02T07:58:07","guid":{"rendered":"http:\/\/danielo34.sg-host.com\/?page_id=670"},"modified":"2021-06-02T08:13:43","modified_gmt":"2021-06-02T08:13:43","slug":"vacaciones-en-denia-paraisos-naturales","status":"publish","type":"page","link":"https:\/\/alquilerbarcodenia.com\/en\/vacaciones-en-denia-paraisos-naturales\/","title":{"rendered":"VACACIONES EN DENIA BLOG"},"content":{"rendered":"<div data-elementor-type=\"wp-page\" data-elementor-id=\"670\" class=\"elementor elementor-670\" data-elementor-post-type=\"page\">\n\t\t\t\t\t\t<section class=\"elementor-section elementor-top-section elementor-element elementor-element-421ff792 elementor-section-boxed elementor-section-height-default elementor-section-height-default\" data-id=\"421ff792\" data-element_type=\"section\" data-e-type=\"section\" data-settings=\"{&quot;background_background&quot;:&quot;classic&quot;}\">\n\t\t\t\t\t\t<div class=\"elementor-container elementor-column-gap-default\">\n\t\t\t\t\t<div class=\"elementor-column elementor-col-50 elementor-top-column elementor-element elementor-element-409004f4\" data-id=\"409004f4\" data-element_type=\"column\" data-e-type=\"column\" data-settings=\"{&quot;background_background&quot;:&quot;classic&quot;}\">\n\t\t\t<div class=\"elementor-widget-wrap elementor-element-populated\">\n\t\t\t\t\t\t<div class=\"elementor-element elementor-element-41eef65e elementor-invisible elementor-widget elementor-widget-image\" data-id=\"41eef65e\" data-element_type=\"widget\" data-e-type=\"widget\" data-settings=\"{&quot;_animation&quot;:&quot;fadeInLeft&quot;,&quot;_animation_delay&quot;:200}\" data-widget_type=\"image.default\">\n\t\t\t\t<div class=\"elementor-widget-container\">\n\t\t\t\t\t\t\t\t\t\t\t\t\t\t\t<img fetchpriority=\"high\" decoding=\"async\" width=\"800\" height=\"534\" src=\"https:\/\/alquilerbarcodenia.com\/wp-content\/uploads\/2021\/06\/denia-las-rotas-beach-near-sant-antonio-cape-1024x683.jpg\" class=\"attachment-large size-large wp-image-688\" alt=\"denia playa las rotas\" srcset=\"https:\/\/alquilerbarcodenia.com\/wp-content\/uploads\/2021\/06\/denia-las-rotas-beach-near-sant-antonio-cape-1024x683.jpg 1024w, https:\/\/alquilerbarcodenia.com\/wp-content\/uploads\/2021\/06\/denia-las-rotas-beach-near-sant-antonio-cape-300x200.jpg 300w, https:\/\/alquilerbarcodenia.com\/wp-content\/uploads\/2021\/06\/denia-las-rotas-beach-near-sant-antonio-cape-768x512.jpg 768w, https:\/\/alquilerbarcodenia.com\/wp-content\/uploads\/2021\/06\/denia-las-rotas-beach-near-sant-antonio-cape-1536x1024.jpg 1536w, https:\/\/alquilerbarcodenia.com\/wp-content\/uploads\/2021\/06\/denia-las-rotas-beach-near-sant-antonio-cape-2048x1365.jpg 2048w, https:\/\/alquilerbarcodenia.com\/wp-content\/uploads\/2021\/06\/denia-las-rotas-beach-near-sant-antonio-cape-600x400.jpg 600w\" sizes=\"(max-width: 800px) 100vw, 800px\" \/>\t\t\t\t\t\t\t\t\t\t\t\t\t\t\t<\/div>\n\t\t\t\t<\/div>\n\t\t\t\t<div class=\"elementor-element elementor-element-817d236 elementor-widget elementor-widget-image\" data-id=\"817d236\" data-element_type=\"widget\" data-e-type=\"widget\" data-widget_type=\"image.default\">\n\t\t\t\t<div class=\"elementor-widget-container\">\n\t\t\t\t\t\t\t\t\t\t\t\t\t\t\t<img decoding=\"async\" width=\"800\" height=\"534\" src=\"https:\/\/alquilerbarcodenia.com\/wp-content\/uploads\/2021\/06\/denia-beach-las-marinas-with-palm-trees-alicante-1024x683.jpg\" class=\"attachment-large size-large wp-image-682\" alt=\"denia playa las marinas palmeras\" srcset=\"https:\/\/alquilerbarcodenia.com\/wp-content\/uploads\/2021\/06\/denia-beach-las-marinas-with-palm-trees-alicante-1024x683.jpg 1024w, https:\/\/alquilerbarcodenia.com\/wp-content\/uploads\/2021\/06\/denia-beach-las-marinas-with-palm-trees-alicante-300x200.jpg 300w, https:\/\/alquilerbarcodenia.com\/wp-content\/uploads\/2021\/06\/denia-beach-las-marinas-with-palm-trees-alicante-768x512.jpg 768w, https:\/\/alquilerbarcodenia.com\/wp-content\/uploads\/2021\/06\/denia-beach-las-marinas-with-palm-trees-alicante-1536x1024.jpg 1536w, https:\/\/alquilerbarcodenia.com\/wp-content\/uploads\/2021\/06\/denia-beach-las-marinas-with-palm-trees-alicante-2048x1365.jpg 2048w, https:\/\/alquilerbarcodenia.com\/wp-content\/uploads\/2021\/06\/denia-beach-las-marinas-with-palm-trees-alicante-600x400.jpg 600w\" sizes=\"(max-width: 800px) 100vw, 800px\" \/>\t\t\t\t\t\t\t\t\t\t\t\t\t\t\t<\/div>\n\t\t\t\t<\/div>\n\t\t\t\t<div class=\"elementor-element elementor-element-07786e0 elementor-widget elementor-widget-image\" data-id=\"07786e0\" data-element_type=\"widget\" data-e-type=\"widget\" data-widget_type=\"image.default\">\n\t\t\t\t<div class=\"elementor-widget-container\">\n\t\t\t\t\t\t\t\t\t\t\t\t\t\t\t<img decoding=\"async\" width=\"800\" height=\"534\" src=\"https:\/\/alquilerbarcodenia.com\/wp-content\/uploads\/2021\/06\/city-view-from-montgo-mountain-denia-spain-1024x684.jpg\" class=\"attachment-large size-large wp-image-681\" alt=\"denia vistas desde el monte montg\u00f3\" srcset=\"https:\/\/alquilerbarcodenia.com\/wp-content\/uploads\/2021\/06\/city-view-from-montgo-mountain-denia-spain-1024x684.jpg 1024w, https:\/\/alquilerbarcodenia.com\/wp-content\/uploads\/2021\/06\/city-view-from-montgo-mountain-denia-spain-300x200.jpg 300w, https:\/\/alquilerbarcodenia.com\/wp-content\/uploads\/2021\/06\/city-view-from-montgo-mountain-denia-spain-768x513.jpg 768w, https:\/\/alquilerbarcodenia.com\/wp-content\/uploads\/2021\/06\/city-view-from-montgo-mountain-denia-spain-1536x1025.jpg 1536w, https:\/\/alquilerbarcodenia.com\/wp-content\/uploads\/2021\/06\/city-view-from-montgo-mountain-denia-spain-2048x1367.jpg 2048w, https:\/\/alquilerbarcodenia.com\/wp-content\/uploads\/2021\/06\/city-view-from-montgo-mountain-denia-spain-600x401.jpg 600w\" sizes=\"(max-width: 800px) 100vw, 800px\" \/>\t\t\t\t\t\t\t\t\t\t\t\t\t\t\t<\/div>\n\t\t\t\t<\/div>\n\t\t\t\t<div class=\"elementor-element elementor-element-cc58749 elementor-widget elementor-widget-image\" data-id=\"cc58749\" data-element_type=\"widget\" data-e-type=\"widget\" data-widget_type=\"image.default\">\n\t\t\t\t<div class=\"elementor-widget-container\">\n\t\t\t\t\t\t\t\t\t\t\t\t\t\t\t<img loading=\"lazy\" decoding=\"async\" width=\"800\" height=\"534\" src=\"https:\/\/alquilerbarcodenia.com\/wp-content\/uploads\/2021\/06\/denia-beach-las-rotas-summer-alicante-1024x683.jpg\" class=\"attachment-large size-large wp-image-685\" alt=\"dennia playa las rotas agua cristalina costa azul\" srcset=\"https:\/\/alquilerbarcodenia.com\/wp-content\/uploads\/2021\/06\/denia-beach-las-rotas-summer-alicante-1024x683.jpg 1024w, https:\/\/alquilerbarcodenia.com\/wp-content\/uploads\/2021\/06\/denia-beach-las-rotas-summer-alicante-300x200.jpg 300w, https:\/\/alquilerbarcodenia.com\/wp-content\/uploads\/2021\/06\/denia-beach-las-rotas-summer-alicante-768x512.jpg 768w, https:\/\/alquilerbarcodenia.com\/wp-content\/uploads\/2021\/06\/denia-beach-las-rotas-summer-alicante-1536x1024.jpg 1536w, https:\/\/alquilerbarcodenia.com\/wp-content\/uploads\/2021\/06\/denia-beach-las-rotas-summer-alicante-2048x1365.jpg 2048w, https:\/\/alquilerbarcodenia.com\/wp-content\/uploads\/2021\/06\/denia-beach-las-rotas-summer-alicante-600x400.jpg 600w\" sizes=\"(max-width: 800px) 100vw, 800px\" \/>\t\t\t\t\t\t\t\t\t\t\t\t\t\t\t<\/div>\n\t\t\t\t<\/div>\n\t\t\t\t<div class=\"elementor-element elementor-element-36ad16a elementor-widget elementor-widget-image\" data-id=\"36ad16a\" data-element_type=\"widget\" data-e-type=\"widget\" data-widget_type=\"image.default\">\n\t\t\t\t<div class=\"elementor-widget-container\">\n\t\t\t\t\t\t\t\t\t\t\t\t\t\t\t<img loading=\"lazy\" decoding=\"async\" width=\"800\" height=\"788\" src=\"https:\/\/alquilerbarcodenia.com\/wp-content\/uploads\/2021\/06\/denia-skyline-in-alicante-spain-1024x1008.jpg\" class=\"attachment-large size-large wp-image-690\" alt=\"denia espectaculares vistas\" srcset=\"https:\/\/alquilerbarcodenia.com\/wp-content\/uploads\/2021\/06\/denia-skyline-in-alicante-spain-1024x1008.jpg 1024w, https:\/\/alquilerbarcodenia.com\/wp-content\/uploads\/2021\/06\/denia-skyline-in-alicante-spain-300x295.jpg 300w, https:\/\/alquilerbarcodenia.com\/wp-content\/uploads\/2021\/06\/denia-skyline-in-alicante-spain-768x756.jpg 768w, https:\/\/alquilerbarcodenia.com\/wp-content\/uploads\/2021\/06\/denia-skyline-in-alicante-spain-1536x1512.jpg 1536w, https:\/\/alquilerbarcodenia.com\/wp-content\/uploads\/2021\/06\/denia-skyline-in-alicante-spain-2048x2016.jpg 2048w, https:\/\/alquilerbarcodenia.com\/wp-content\/uploads\/2021\/06\/denia-skyline-in-alicante-spain-600x591.jpg 600w, https:\/\/alquilerbarcodenia.com\/wp-content\/uploads\/2021\/06\/denia-skyline-in-alicante-spain-100x100.jpg 100w\" sizes=\"(max-width: 800px) 100vw, 800px\" \/>\t\t\t\t\t\t\t\t\t\t\t\t\t\t\t<\/div>\n\t\t\t\t<\/div>\n\t\t\t\t\t<\/div>\n\t\t<\/div>\n\t\t\t\t<div class=\"elementor-column elementor-col-50 elementor-top-column elementor-element elementor-element-2186878f\" data-id=\"2186878f\" data-element_type=\"column\" data-e-type=\"column\">\n\t\t\t<div class=\"elementor-widget-wrap elementor-element-populated\">\n\t\t\t\t\t\t<div class=\"elementor-element elementor-element-1468e0a6 elementor-widget elementor-widget-heading\" data-id=\"1468e0a6\" data-element_type=\"widget\" data-e-type=\"widget\" data-widget_type=\"heading.default\">\n\t\t\t\t<div class=\"elementor-widget-container\">\n\t\t\t\t\t<h2 class=\"elementor-heading-title elementor-size-default\">WONDER BOATS<\/h2>\t\t\t\t<\/div>\n\t\t\t\t<\/div>\n\t\t\t\t<div class=\"elementor-element elementor-element-26c42a9 elementor-widget elementor-widget-heading\" data-id=\"26c42a9\" data-element_type=\"widget\" data-e-type=\"widget\" data-widget_type=\"heading.default\">\n\t\t\t\t<div class=\"elementor-widget-container\">\n\t\t\t\t\t<h5 class=\"elementor-heading-title elementor-size-default\">HOLIDAYS IN DENIA<\/h5>\t\t\t\t<\/div>\n\t\t\t\t<\/div>\n\t\t\t\t<div class=\"elementor-element elementor-element-3a9880f2 elementor-widget-divider--view-line elementor-widget elementor-widget-divider\" data-id=\"3a9880f2\" data-element_type=\"widget\" data-e-type=\"widget\" data-widget_type=\"divider.default\">\n\t\t\t\t<div class=\"elementor-widget-container\">\n\t\t\t\t\t\t\t<div class=\"elementor-divider\">\n\t\t\t<span class=\"elementor-divider-separator\">\n\t\t\t\t\t\t<\/span>\n\t\t<\/div>\n\t\t\t\t\t\t<\/div>\n\t\t\t\t<\/div>\n\t\t\t\t<div class=\"elementor-element elementor-element-541fb564 elementor-widget elementor-widget-text-editor\" data-id=\"541fb564\" data-element_type=\"widget\" data-e-type=\"widget\" data-widget_type=\"text-editor.default\">\n\t\t\t\t<div class=\"elementor-widget-container\">\n\t\t\t\t\t\t\t\t\t<p><span style=\"font-weight: 400;\">If there is a reason to spend a summer vacation in Denia, are its beaches. Its marvellous coastline constitutes a unique marine environment in the whole Mediterranean.<\/span><\/p><p><span style=\"font-weight: 400;\">The best known areas of the coast are Les Marines and Les Rotes. Next, we will review some of the paradisiacal beaches that are distributed along its surface.\u00a0<\/span><\/p><p><span style=\"font-weight: 400;\">We recommend you to plan a route during your summer vacations in Denia to know each of the coves that make up its geography. They will surprise you! In addition, the quad rental can make your beach routes a unique experience.<\/span><\/p><p><span style=\"font-weight: 400;\">The quads are vehicles that receive the qualification of special vehicles. They are super useful for routes through natural environments and outdoors. Undoubtedly, the coast is a perfect extension to make a tourist route in quad during your summer vacations in Denia.<\/span><\/p><p><b>Summer vacations in Denia: 3 beaches you need to visit<\/b><\/p><p><b>Punta del Raset Beach (Denia, Alicante, Valencian Community)<\/b><\/p><p><span style=\"font-weight: 400;\">It also receives the name of the Cagarritar and in it are located the Nautical Club and La Marina. With an extension that exceeds 570 meters, it has become one of the beaches with the highest occupancy rate due to its proximity to the center of the city. This beach has a characteristic charm product of the dunes that are formed with the influence of the wind along its coastline. Its crystalline waters, its fine white sand, as well as its accessibility make it the most popular tourist meeting point. The cleanliness of its waters, the accessibility and the leisure options it offers earned it the award of the Q for tourist quality.<\/span><\/p><p><span style=\"font-weight: 400;\">You should know: It has a blue flag and is a beach adapted for all types of users, including those with mobility limitations. It also has a wide range of services that make it a highly recommended option for family getaways. Among them, the rental of skates, canoes or sports courts such as volleyball. As for accessibility, you should know that it has both a bus stop and a parking lot.<\/span><\/p><p><b>Las Marines Beach<\/b><\/p><p><span style=\"font-weight: 400;\">Located in the northern part of Denia, Les Marines is one of the favorite beaches for both adults and children. It extends over three kilometers and has eighty meters wide. Its occupancy rate is significantly lower than that found in Punta del Raset. It offers impressive views of the fortification that crowns the city. It is also flanked by all kinds of bars with a gastronomic offer of the most attractive. It is considered one of the best beaches in the city, and no wonder. Les Marines is a perfect place to practice water sports such as snorkeling, surfing or kayaking.<\/span><\/p><p><span style=\"font-weight: 400;\">You should know: The quality of its waters has earned it the blue flag distinction. On the other hand, it is perfectly adapted to the transit of bathers and has parking and a bus stop nearby. If you are one of those who enjoy practicing sports on beach days, in Les Marines you will have 8 volleyball courts at your fingertips and a beach soccer field. Finally, it has hammock rental services, security personnel, showers and footbaths.\u00a0<\/span><\/p><p><b>El Trampol\u00ed<\/b><\/p><p><span style=\"font-weight: 400;\">This beach is located within the coastal area of Les Rotes. Its extension covers one kilometer and it is of rocky type. Its name comes from the wooden trampoline that is installed in one of its rock ledges.\u00a0 Around 2017 it lost the Blue Flag distinction but it was not for the quality of its waters but for the presence of said diving board. Even so, the inhabitants have not considered removing it, as it has become an emblem. Although it does not have sports facilities as such, this cove is a perfect enclave for snorkeling. Scuba diving is allowed, although to practice it you must have a special permit issued by the Territorial Directorate of Agriculture, Fisheries, Food and Water of Alicante.\u00a0<\/span><\/p><p><span style=\"font-weight: 400;\">El Trampol\u00ed is an excellent option for gastronomic tourism. Nearby are some of the best bars in the area, such as El Pegol\u00f3 or El Farall\u00f3.<\/span><\/p><p><span style=\"font-weight: 400;\">You should know: This beach does not have sandy spaces so the settlement area extends over a rocky surface. Before you go, you will have to wear suitable footwear for walking long, rocky distances. In addition, because the available space is very limited, parking tends to fill up quickly. It is best to access it early in the morning to be able to park without obstacles.<\/span><\/p><p><b>Summer vacations in Denia and quad rental<\/b><\/p><p><span style=\"font-weight: 400;\">Do you dare to explore its coastline by quad? Contact us for more information <\/span><a href=\"http:\/\/segwaydenia.com\/\"><span style=\"font-weight: 400;\">alquilar un quad en D\u00e9nia<\/span><\/a><span style=\"font-weight: 400;\"> and get lost in its coves, you won't regret it!\u00a0<\/span><\/p>\t\t\t\t\t\t\t\t<\/div>\n\t\t\t\t<\/div>\n\t\t\t\t\t<\/div>\n\t\t<\/div>\n\t\t\t\t\t<\/div>\n\t\t<\/section>\n\t\t\t\t<\/div>","protected":false},"excerpt":{"rendered":"<p>WONDER BOATS VACACIONES EN DENIA Si hay un motivo para pasar unas vacaciones de verano en D\u00e9nia, son sus playas. Su maravilloso literal constituye un entorno marino \u00fanico en todo el Mediterr\u00e1neo. Las zonas m\u00e1s conocidas de su costa son la de Les Marines y la de Les Rotes. A continuaci\u00f3n, repasaremos algunas de las [&hellip;]<\/p>\n","protected":false},"author":1,"featured_media":0,"parent":0,"menu_order":0,"comment_status":"closed","ping_status":"closed","template":"elementor_header_footer","meta":{"footnotes":""},"class_list":["post-670","page","type-page","status-publish","hentry"],"yoast_head":"<!-- This site is optimized with the Yoast SEO plugin v27.5 - https:\/\/yoast.com\/product\/yoast-seo-wordpress\/ -->\n<title>VACACIONES EN DENIA BLOG - ALQUILER BARCO DENIA<\/title>\n<meta name=\"robots\" content=\"index, follow, max-snippet:-1, max-image-preview:large, max-video-preview:-1\" \/>\n<link rel=\"canonical\" href=\"https:\/\/alquilerbarcodenia.com\/en\/vacaciones-en-denia-paraisos-naturales\/\" \/>\n<meta property=\"og:locale\" content=\"en_US\" \/>\n<meta property=\"og:type\" content=\"article\" \/>\n<meta property=\"og:title\" content=\"VACACIONES EN DENIA BLOG - ALQUILER BARCO DENIA\" \/>\n<meta property=\"og:description\" content=\"WONDER BOATS VACACIONES EN DENIA Si hay un motivo para pasar unas vacaciones de verano en D\u00e9nia, son sus playas. Su maravilloso literal constituye un entorno marino \u00fanico en todo el Mediterr\u00e1neo. Las zonas m\u00e1s conocidas de su costa son la de Les Marines y la de Les Rotes. A continuaci\u00f3n, repasaremos algunas de las [&hellip;]\" \/>\n<meta property=\"og:url\" content=\"https:\/\/alquilerbarcodenia.com\/en\/vacaciones-en-denia-paraisos-naturales\/\" \/>\n<meta property=\"og:site_name\" content=\"ALQUILER BARCO DENIA\" \/>\n<meta property=\"article:modified_time\" content=\"2021-06-02T08:13:43+00:00\" \/>\n<meta property=\"og:image\" content=\"http:\/\/danielo34.sg-host.com\/wp-content\/uploads\/2021\/06\/denia-las-rotas-beach-near-sant-antonio-cape-1024x683.jpg\" \/>\n<meta name=\"twitter:card\" content=\"summary_large_image\" \/>\n<meta name=\"twitter:label1\" content=\"Est. reading time\" \/>\n\t<meta name=\"twitter:data1\" content=\"4 minutes\" \/>\n<script type=\"application\/ld+json\" class=\"yoast-schema-graph\">{\"@context\":\"https:\\\/\\\/schema.org\",\"@graph\":[{\"@type\":\"WebPage\",\"@id\":\"https:\\\/\\\/alquilerbarcodenia.com\\\/vacaciones-en-denia-paraisos-naturales\\\/\",\"url\":\"https:\\\/\\\/alquilerbarcodenia.com\\\/vacaciones-en-denia-paraisos-naturales\\\/\",\"name\":\"VACACIONES EN DENIA BLOG - ALQUILER BARCO DENIA\",\"isPartOf\":{\"@id\":\"https:\\\/\\\/alquilerbarcodenia.com\\\/en\\\/#website\"},\"primaryImageOfPage\":{\"@id\":\"https:\\\/\\\/alquilerbarcodenia.com\\\/vacaciones-en-denia-paraisos-naturales\\\/#primaryimage\"},\"image\":{\"@id\":\"https:\\\/\\\/alquilerbarcodenia.com\\\/vacaciones-en-denia-paraisos-naturales\\\/#primaryimage\"},\"thumbnailUrl\":\"http:\\\/\\\/danielo34.sg-host.com\\\/wp-content\\\/uploads\\\/2021\\\/06\\\/denia-las-rotas-beach-near-sant-antonio-cape-1024x683.jpg\",\"datePublished\":\"2021-06-02T07:58:07+00:00\",\"dateModified\":\"2021-06-02T08:13:43+00:00\",\"breadcrumb\":{\"@id\":\"https:\\\/\\\/alquilerbarcodenia.com\\\/vacaciones-en-denia-paraisos-naturales\\\/#breadcrumb\"},\"inLanguage\":\"en-US\",\"potentialAction\":[{\"@type\":\"ReadAction\",\"target\":[\"https:\\\/\\\/alquilerbarcodenia.com\\\/vacaciones-en-denia-paraisos-naturales\\\/\"]}]},{\"@type\":\"ImageObject\",\"inLanguage\":\"en-US\",\"@id\":\"https:\\\/\\\/alquilerbarcodenia.com\\\/vacaciones-en-denia-paraisos-naturales\\\/#primaryimage\",\"url\":\"http:\\\/\\\/danielo34.sg-host.com\\\/wp-content\\\/uploads\\\/2021\\\/06\\\/denia-las-rotas-beach-near-sant-antonio-cape-1024x683.jpg\",\"contentUrl\":\"http:\\\/\\\/danielo34.sg-host.com\\\/wp-content\\\/uploads\\\/2021\\\/06\\\/denia-las-rotas-beach-near-sant-antonio-cape-1024x683.jpg\"},{\"@type\":\"BreadcrumbList\",\"@id\":\"https:\\\/\\\/alquilerbarcodenia.com\\\/vacaciones-en-denia-paraisos-naturales\\\/#breadcrumb\",\"itemListElement\":[{\"@type\":\"ListItem\",\"position\":1,\"name\":\"Portada\",\"item\":\"https:\\\/\\\/alquilerbarcodenia.com\\\/\"},{\"@type\":\"ListItem\",\"position\":2,\"name\":\"VACACIONES EN DENIA BLOG\"}]},{\"@type\":\"WebSite\",\"@id\":\"https:\\\/\\\/alquilerbarcodenia.com\\\/en\\\/#website\",\"url\":\"https:\\\/\\\/alquilerbarcodenia.com\\\/en\\\/\",\"name\":\"ALQUILER BARCO DENIA\",\"description\":\"Alquiler Barco Denia. Alquiler de barcos en Denia con y sin patr\u00f3n al mejor precio. Alquiler de barcas semirr\u00edgidas en el Portet de Denia.\",\"publisher\":{\"@id\":\"https:\\\/\\\/alquilerbarcodenia.com\\\/en\\\/#organization\"},\"potentialAction\":[{\"@type\":\"SearchAction\",\"target\":{\"@type\":\"EntryPoint\",\"urlTemplate\":\"https:\\\/\\\/alquilerbarcodenia.com\\\/en\\\/?s={search_term_string}\"},\"query-input\":{\"@type\":\"PropertyValueSpecification\",\"valueRequired\":true,\"valueName\":\"search_term_string\"}}],\"inLanguage\":\"en-US\"},{\"@type\":\"Organization\",\"@id\":\"https:\\\/\\\/alquilerbarcodenia.com\\\/en\\\/#organization\",\"name\":\"Alquiler Barco Denia\",\"url\":\"https:\\\/\\\/alquilerbarcodenia.com\\\/en\\\/\",\"logo\":{\"@type\":\"ImageObject\",\"inLanguage\":\"en-US\",\"@id\":\"https:\\\/\\\/alquilerbarcodenia.com\\\/en\\\/#\\\/schema\\\/logo\\\/image\\\/\",\"url\":\"https:\\\/\\\/alquilerbarcodenia.com\\\/wp-content\\\/uploads\\\/2021\\\/05\\\/alguiler-barco-denia-logo-2.png\",\"contentUrl\":\"https:\\\/\\\/alquilerbarcodenia.com\\\/wp-content\\\/uploads\\\/2021\\\/05\\\/alguiler-barco-denia-logo-2.png\",\"width\":143,\"height\":95,\"caption\":\"Alquiler Barco Denia\"},\"image\":{\"@id\":\"https:\\\/\\\/alquilerbarcodenia.com\\\/en\\\/#\\\/schema\\\/logo\\\/image\\\/\"}}]}<\/script>\n<!-- \/ Yoast SEO plugin. -->","yoast_head_json":{"title":"VACACIONES EN DENIA BLOG - ALQUILER BARCO DENIA","robots":{"index":"index","follow":"follow","max-snippet":"max-snippet:-1","max-image-preview":"max-image-preview:large","max-video-preview":"max-video-preview:-1"},"canonical":"https:\/\/alquilerbarcodenia.com\/en\/vacaciones-en-denia-paraisos-naturales\/","og_locale":"en_US","og_type":"article","og_title":"VACACIONES EN DENIA BLOG - ALQUILER BARCO DENIA","og_description":"WONDER BOATS VACACIONES EN DENIA Si hay un motivo para pasar unas vacaciones de verano en D\u00e9nia, son sus playas. Su maravilloso literal constituye un entorno marino \u00fanico en todo el Mediterr\u00e1neo. Las zonas m\u00e1s conocidas de su costa son la de Les Marines y la de Les Rotes. A continuaci\u00f3n, repasaremos algunas de las [&hellip;]","og_url":"https:\/\/alquilerbarcodenia.com\/en\/vacaciones-en-denia-paraisos-naturales\/","og_site_name":"ALQUILER BARCO DENIA","article_modified_time":"2021-06-02T08:13:43+00:00","og_image":[{"url":"http:\/\/danielo34.sg-host.com\/wp-content\/uploads\/2021\/06\/denia-las-rotas-beach-near-sant-antonio-cape-1024x683.jpg","type":"","width":"","height":""}],"twitter_card":"summary_large_image","twitter_misc":{"Est. reading time":"4 minutes"},"schema":{"@context":"https:\/\/schema.org","@graph":[{"@type":"WebPage","@id":"https:\/\/alquilerbarcodenia.com\/vacaciones-en-denia-paraisos-naturales\/","url":"https:\/\/alquilerbarcodenia.com\/vacaciones-en-denia-paraisos-naturales\/","name":"VACACIONES EN DENIA BLOG - ALQUILER BARCO DENIA","isPartOf":{"@id":"https:\/\/alquilerbarcodenia.com\/en\/#website"},"primaryImageOfPage":{"@id":"https:\/\/alquilerbarcodenia.com\/vacaciones-en-denia-paraisos-naturales\/#primaryimage"},"image":{"@id":"https:\/\/alquilerbarcodenia.com\/vacaciones-en-denia-paraisos-naturales\/#primaryimage"},"thumbnailUrl":"http:\/\/danielo34.sg-host.com\/wp-content\/uploads\/2021\/06\/denia-las-rotas-beach-near-sant-antonio-cape-1024x683.jpg","datePublished":"2021-06-02T07:58:07+00:00","dateModified":"2021-06-02T08:13:43+00:00","breadcrumb":{"@id":"https:\/\/alquilerbarcodenia.com\/vacaciones-en-denia-paraisos-naturales\/#breadcrumb"},"inLanguage":"en-US","potentialAction":[{"@type":"ReadAction","target":["https:\/\/alquilerbarcodenia.com\/vacaciones-en-denia-paraisos-naturales\/"]}]},{"@type":"ImageObject","inLanguage":"en-US","@id":"https:\/\/alquilerbarcodenia.com\/vacaciones-en-denia-paraisos-naturales\/#primaryimage","url":"http:\/\/danielo34.sg-host.com\/wp-content\/uploads\/2021\/06\/denia-las-rotas-beach-near-sant-antonio-cape-1024x683.jpg","contentUrl":"http:\/\/danielo34.sg-host.com\/wp-content\/uploads\/2021\/06\/denia-las-rotas-beach-near-sant-antonio-cape-1024x683.jpg"},{"@type":"BreadcrumbList","@id":"https:\/\/alquilerbarcodenia.com\/vacaciones-en-denia-paraisos-naturales\/#breadcrumb","itemListElement":[{"@type":"ListItem","position":1,"name":"Portada","item":"https:\/\/alquilerbarcodenia.com\/"},{"@type":"ListItem","position":2,"name":"VACACIONES EN DENIA BLOG"}]},{"@type":"WebSite","@id":"https:\/\/alquilerbarcodenia.com\/en\/#website","url":"https:\/\/alquilerbarcodenia.com\/en\/","name":"BOAT RENTAL DENIA","description":"Alquiler Barco Denia. Alquiler de barcos en Denia con y sin patr\u00f3n al mejor precio. Alquiler de barcas semirr\u00edgidas en el Portet de Denia.","publisher":{"@id":"https:\/\/alquilerbarcodenia.com\/en\/#organization"},"potentialAction":[{"@type":"SearchAction","target":{"@type":"EntryPoint","urlTemplate":"https:\/\/alquilerbarcodenia.com\/en\/?s={search_term_string}"},"query-input":{"@type":"PropertyValueSpecification","valueRequired":true,"valueName":"search_term_string"}}],"inLanguage":"en-US"},{"@type":"Organization","@id":"https:\/\/alquilerbarcodenia.com\/en\/#organization","name":"Boat Rental Denia","url":"https:\/\/alquilerbarcodenia.com\/en\/","logo":{"@type":"ImageObject","inLanguage":"en-US","@id":"https:\/\/alquilerbarcodenia.com\/en\/#\/schema\/logo\/image\/","url":"https:\/\/alquilerbarcodenia.com\/wp-content\/uploads\/2021\/05\/alguiler-barco-denia-logo-2.png","contentUrl":"https:\/\/alquilerbarcodenia.com\/wp-content\/uploads\/2021\/05\/alguiler-barco-denia-logo-2.png","width":143,"height":95,"caption":"Alquiler Barco Denia"},"image":{"@id":"https:\/\/alquilerbarcodenia.com\/en\/#\/schema\/logo\/image\/"}}]}},"_links":{"self":[{"href":"https:\/\/alquilerbarcodenia.com\/en\/wp-json\/wp\/v2\/pages\/670","targetHints":{"allow":["GET"]}}],"collection":[{"href":"https:\/\/alquilerbarcodenia.com\/en\/wp-json\/wp\/v2\/pages"}],"about":[{"href":"https:\/\/alquilerbarcodenia.com\/en\/wp-json\/wp\/v2\/types\/page"}],"author":[{"embeddable":true,"href":"https:\/\/alquilerbarcodenia.com\/en\/wp-json\/wp\/v2\/users\/1"}],"replies":[{"embeddable":true,"href":"https:\/\/alquilerbarcodenia.com\/en\/wp-json\/wp\/v2\/comments?post=670"}],"version-history":[{"count":13,"href":"https:\/\/alquilerbarcodenia.com\/en\/wp-json\/wp\/v2\/pages\/670\/revisions"}],"predecessor-version":[{"id":740,"href":"https:\/\/alquilerbarcodenia.com\/en\/wp-json\/wp\/v2\/pages\/670\/revisions\/740"}],"wp:attachment":[{"href":"https:\/\/alquilerbarcodenia.com\/en\/wp-json\/wp\/v2\/media?parent=670"}],"curies":[{"name":"wp","href":"https:\/\/api.w.org\/{rel}","templated":true}]}}